{"id":283168,"date":"2022-11-25T11:03:36","date_gmt":"2022-11-25T10:03:36","guid":{"rendered":"https:\/\/www.activasport.ch\/?post_type=product&#038;p=283168"},"modified":"2022-11-25T11:15:51","modified_gmt":"2022-11-25T10:15:51","slug":"cable-dacier-pour-la-fixation-du-filet-pour-cadre-au-sol-pliable","status":"publish","type":"product","link":"https:\/\/www.activasport.ch\/fr\/produkt\/cable-dacier-pour-la-fixation-du-filet-pour-cadre-au-sol-pliable\/","title":{"rendered":"C\u00e2ble d&rsquo;acier pour la fixation du filet"},"content":{"rendered":"<p>C\u00e2ble d&rsquo;acier pour la fixation du filet pour cadre au sol pliable S06002071, profondeur 2.0 m.<br \/>\nC\u00e2ble acier gain\u00e9 de plastique pour la fixation du filet. Inclus t\u00eate lentiforme et filetage terminal (boulon et rondelle). Peu bruyant, resserrable, flexible (ne peut pas \u00eatre d\u00e9form\u00e9).<br \/>\n<strong>Set pour 1 but.<\/strong><\/p>\n","protected":false},"excerpt":{"rendered":"<p>C\u00e2ble d&rsquo;acier pour la fixation du filet pour cadre au sol pliable S06002071, profondeur 2.0 m. C\u00e2ble acier gain\u00e9 de plastique pour la fixation du filet. Inclus t\u00eate lentiforme et filetage terminal (boulon et rondelle). Peu bruyant, resserrable, flexible (ne peut pas \u00eatre d\u00e9form\u00e9). Set pour 1 but.<\/p>\n","protected":false},"featured_media":267820,"template":"","meta":{"_et_pb_use_builder":"","_et_pb_old_content":"","_et_gb_content_width":""},"product_brand":[],"product_cat":[1039,1042],"product_tag":[],"class_list":["post-283168","product","type-product","status-publish","has-post-thumbnail","product_cat-football-fr","product_cat-football-7-32-x-2-44-m-fr","first","instock","purchasable","product-type-simple"],"yoast_head":"<!-- This site is optimized with the Yoast SEO plugin v28.3 - https:\/\/yoast.com\/product\/yoast-seo-wordpress\/ -->\n<title>C\u00e2ble d&#039;acier pour la fixation du filet<\/title>\n<meta name=\"description\" content=\"C\u00e2ble d&#039;acier pour la fixation du filet | pour cadre au sol pliable S06002071, profondeur 2.0 m | Activa Sport Sarl | \u2026que le sport soit avec toi !\" \/>\n<meta name=\"robots\" content=\"index, follow, max-snippet:-1, max-image-preview:large, max-video-preview:-1\" \/>\n<link rel=\"canonical\" href=\"https:\/\/www.activasport.ch\/fr\/produkt\/cable-dacier-pour-la-fixation-du-filet-pour-cadre-au-sol-pliable\/\" \/>\n<meta property=\"og:locale\" content=\"fr_FR\" \/>\n<meta property=\"og:type\" content=\"article\" \/>\n<meta property=\"og:title\" content=\"C\u00e2ble d&#039;acier pour la fixation du filet\" \/>\n<meta property=\"og:description\" content=\"C\u00e2ble d&#039;acier pour la fixation du filet | pour cadre au sol pliable S06002071, profondeur 2.0 m | Activa Sport Sarl | \u2026que le sport soit avec toi !\" \/>\n<meta property=\"og:url\" content=\"https:\/\/www.activasport.ch\/fr\/produkt\/cable-dacier-pour-la-fixation-du-filet-pour-cadre-au-sol-pliable\/\" \/>\n<meta property=\"og:site_name\" content=\"Activa Sport GmbH | M\u00f6ge der Sport mit Dir sein...\" \/>\n<meta property=\"article:publisher\" content=\"https:\/\/www.facebook.com\/activasport.ch\/\" \/>\n<meta property=\"article:modified_time\" content=\"2022-11-25T10:15:51+00:00\" \/>\n<meta property=\"og:image\" content=\"https:\/\/www.activasport.ch\/wp-content\/uploads\/2019\/11\/S06S00378_Stahlseil-zur-Netzfixierung-am-Bodenrahmen_800x800.jpg\" \/>\n\t<meta property=\"og:image:width\" content=\"800\" \/>\n\t<meta property=\"og:image:height\" content=\"800\" \/>\n\t<meta property=\"og:image:type\" content=\"image\/jpeg\" \/>\n<meta name=\"twitter:card\" content=\"summary_large_image\" \/>\n<meta name=\"twitter:label1\" content=\"Dur\u00e9e de lecture estim\u00e9e\" \/>\n\t<meta name=\"twitter:data1\" content=\"1 minute\" \/>\n<script type=\"application\/ld+json\" class=\"yoast-schema-graph\">{\"@context\":\"https:\\\/\\\/schema.org\",\"@graph\":[{\"@type\":\"WebPage\",\"@id\":\"https:\\\/\\\/www.activasport.ch\\\/fr\\\/produkt\\\/cable-dacier-pour-la-fixation-du-filet-pour-cadre-au-sol-pliable\\\/\",\"url\":\"https:\\\/\\\/www.activasport.ch\\\/fr\\\/produkt\\\/cable-dacier-pour-la-fixation-du-filet-pour-cadre-au-sol-pliable\\\/\",\"name\":\"C\u00e2ble d'acier pour la fixation du filet\",\"isPartOf\":{\"@id\":\"https:\\\/\\\/www.activasport.ch\\\/fr\\\/#website\"},\"primaryImageOfPage\":{\"@id\":\"https:\\\/\\\/www.activasport.ch\\\/fr\\\/produkt\\\/cable-dacier-pour-la-fixation-du-filet-pour-cadre-au-sol-pliable\\\/#primaryimage\"},\"image\":{\"@id\":\"https:\\\/\\\/www.activasport.ch\\\/fr\\\/produkt\\\/cable-dacier-pour-la-fixation-du-filet-pour-cadre-au-sol-pliable\\\/#primaryimage\"},\"thumbnailUrl\":\"https:\\\/\\\/www.activasport.ch\\\/wp-content\\\/uploads\\\/2019\\\/11\\\/S06S00378_Stahlseil-zur-Netzfixierung-am-Bodenrahmen_800x800.jpg\",\"datePublished\":\"2022-11-25T10:03:36+00:00\",\"dateModified\":\"2022-11-25T10:15:51+00:00\",\"description\":\"C\u00e2ble d'acier pour la fixation du filet | pour cadre au sol pliable S06002071, profondeur 2.0 m | Activa Sport Sarl | \u2026que le sport soit avec toi !\",\"breadcrumb\":{\"@id\":\"https:\\\/\\\/www.activasport.ch\\\/fr\\\/produkt\\\/cable-dacier-pour-la-fixation-du-filet-pour-cadre-au-sol-pliable\\\/#breadcrumb\"},\"inLanguage\":\"fr-FR\",\"potentialAction\":[{\"@type\":\"ReadAction\",\"target\":[\"https:\\\/\\\/www.activasport.ch\\\/fr\\\/produkt\\\/cable-dacier-pour-la-fixation-du-filet-pour-cadre-au-sol-pliable\\\/\"]}]},{\"@type\":\"ImageObject\",\"inLanguage\":\"fr-FR\",\"@id\":\"https:\\\/\\\/www.activasport.ch\\\/fr\\\/produkt\\\/cable-dacier-pour-la-fixation-du-filet-pour-cadre-au-sol-pliable\\\/#primaryimage\",\"url\":\"https:\\\/\\\/www.activasport.ch\\\/wp-content\\\/uploads\\\/2019\\\/11\\\/S06S00378_Stahlseil-zur-Netzfixierung-am-Bodenrahmen_800x800.jpg\",\"contentUrl\":\"https:\\\/\\\/www.activasport.ch\\\/wp-content\\\/uploads\\\/2019\\\/11\\\/S06S00378_Stahlseil-zur-Netzfixierung-am-Bodenrahmen_800x800.jpg\",\"width\":800,\"height\":800,\"caption\":\"Stahlseil zur Netzfixierung am Bodenrahmen an Tor befestigt\"},{\"@type\":\"BreadcrumbList\",\"@id\":\"https:\\\/\\\/www.activasport.ch\\\/fr\\\/produkt\\\/cable-dacier-pour-la-fixation-du-filet-pour-cadre-au-sol-pliable\\\/#breadcrumb\",\"itemListElement\":[{\"@type\":\"ListItem\",\"position\":1,\"name\":\"Home\",\"item\":\"https:\\\/\\\/www.activasport.ch\\\/fr\\\/\"},{\"@type\":\"ListItem\",\"position\":2,\"name\":\"Shop\",\"item\":\"https:\\\/\\\/www.activasport.ch\\\/fr\\\/?page_id=258329\"},{\"@type\":\"ListItem\",\"position\":3,\"name\":\"C\u00e2ble d&#8217;acier pour la fixation du filet\"}]},{\"@type\":\"WebSite\",\"@id\":\"https:\\\/\\\/www.activasport.ch\\\/fr\\\/#website\",\"url\":\"https:\\\/\\\/www.activasport.ch\\\/fr\\\/\",\"name\":\"Activa Sport GmbH | M\u00f6ge der Sport mit Dir sein...\",\"description\":\"\",\"publisher\":{\"@id\":\"https:\\\/\\\/www.activasport.ch\\\/fr\\\/#organization\"},\"potentialAction\":[{\"@type\":\"SearchAction\",\"target\":{\"@type\":\"EntryPoint\",\"urlTemplate\":\"https:\\\/\\\/www.activasport.ch\\\/fr\\\/?s={search_term_string}\"},\"query-input\":{\"@type\":\"PropertyValueSpecification\",\"valueRequired\":true,\"valueName\":\"search_term_string\"}}],\"inLanguage\":\"fr-FR\"},{\"@type\":\"Organization\",\"@id\":\"https:\\\/\\\/www.activasport.ch\\\/fr\\\/#organization\",\"name\":\"Activa Sport GmbH\",\"url\":\"https:\\\/\\\/www.activasport.ch\\\/fr\\\/\",\"logo\":{\"@type\":\"ImageObject\",\"inLanguage\":\"fr-FR\",\"@id\":\"https:\\\/\\\/www.activasport.ch\\\/fr\\\/#\\\/schema\\\/logo\\\/image\\\/\",\"url\":\"https:\\\/\\\/www.activasport.ch\\\/wp-content\\\/uploads\\\/2020\\\/04\\\/Activa_AS_Emblem_rot-schwarz_512x512.png\",\"contentUrl\":\"https:\\\/\\\/www.activasport.ch\\\/wp-content\\\/uploads\\\/2020\\\/04\\\/Activa_AS_Emblem_rot-schwarz_512x512.png\",\"width\":512,\"height\":512,\"caption\":\"Activa Sport GmbH\"},\"image\":{\"@id\":\"https:\\\/\\\/www.activasport.ch\\\/fr\\\/#\\\/schema\\\/logo\\\/image\\\/\"},\"sameAs\":[\"https:\\\/\\\/www.facebook.com\\\/activasport.ch\\\/\",\"https:\\\/\\\/www.youtube.com\\\/channel\\\/UCtqHC7rBGHotohPIGFurwzg\"]}]}<\/script>\n<!-- \/ Yoast SEO plugin. -->","yoast_head_json":{"title":"C\u00e2ble d'acier pour la fixation du filet","description":"C\u00e2ble d'acier pour la fixation du filet | pour cadre au sol pliable S06002071, profondeur 2.0 m | Activa Sport Sarl | \u2026que le sport soit avec toi !","robots":{"index":"index","follow":"follow","max-snippet":"max-snippet:-1","max-image-preview":"max-image-preview:large","max-video-preview":"max-video-preview:-1"},"canonical":"https:\/\/www.activasport.ch\/fr\/produkt\/cable-dacier-pour-la-fixation-du-filet-pour-cadre-au-sol-pliable\/","og_locale":"fr_FR","og_type":"article","og_title":"C\u00e2ble d'acier pour la fixation du filet","og_description":"C\u00e2ble d'acier pour la fixation du filet | pour cadre au sol pliable S06002071, profondeur 2.0 m | Activa Sport Sarl | \u2026que le sport soit avec toi !","og_url":"https:\/\/www.activasport.ch\/fr\/produkt\/cable-dacier-pour-la-fixation-du-filet-pour-cadre-au-sol-pliable\/","og_site_name":"Activa Sport GmbH | M\u00f6ge der Sport mit Dir sein...","article_publisher":"https:\/\/www.facebook.com\/activasport.ch\/","article_modified_time":"2022-11-25T10:15:51+00:00","og_image":[{"width":800,"height":800,"url":"https:\/\/www.activasport.ch\/wp-content\/uploads\/2019\/11\/S06S00378_Stahlseil-zur-Netzfixierung-am-Bodenrahmen_800x800.jpg","type":"image\/jpeg"}],"twitter_card":"summary_large_image","twitter_misc":{"Dur\u00e9e de lecture estim\u00e9e":"1 minute"},"schema":{"@context":"https:\/\/schema.org","@graph":[{"@type":"WebPage","@id":"https:\/\/www.activasport.ch\/fr\/produkt\/cable-dacier-pour-la-fixation-du-filet-pour-cadre-au-sol-pliable\/","url":"https:\/\/www.activasport.ch\/fr\/produkt\/cable-dacier-pour-la-fixation-du-filet-pour-cadre-au-sol-pliable\/","name":"C\u00e2ble d'acier pour la fixation du filet","isPartOf":{"@id":"https:\/\/www.activasport.ch\/fr\/#website"},"primaryImageOfPage":{"@id":"https:\/\/www.activasport.ch\/fr\/produkt\/cable-dacier-pour-la-fixation-du-filet-pour-cadre-au-sol-pliable\/#primaryimage"},"image":{"@id":"https:\/\/www.activasport.ch\/fr\/produkt\/cable-dacier-pour-la-fixation-du-filet-pour-cadre-au-sol-pliable\/#primaryimage"},"thumbnailUrl":"https:\/\/www.activasport.ch\/wp-content\/uploads\/2019\/11\/S06S00378_Stahlseil-zur-Netzfixierung-am-Bodenrahmen_800x800.jpg","datePublished":"2022-11-25T10:03:36+00:00","dateModified":"2022-11-25T10:15:51+00:00","description":"C\u00e2ble d'acier pour la fixation du filet | pour cadre au sol pliable S06002071, profondeur 2.0 m | Activa Sport Sarl | \u2026que le sport soit avec toi !","breadcrumb":{"@id":"https:\/\/www.activasport.ch\/fr\/produkt\/cable-dacier-pour-la-fixation-du-filet-pour-cadre-au-sol-pliable\/#breadcrumb"},"inLanguage":"fr-FR","potentialAction":[{"@type":"ReadAction","target":["https:\/\/www.activasport.ch\/fr\/produkt\/cable-dacier-pour-la-fixation-du-filet-pour-cadre-au-sol-pliable\/"]}]},{"@type":"ImageObject","inLanguage":"fr-FR","@id":"https:\/\/www.activasport.ch\/fr\/produkt\/cable-dacier-pour-la-fixation-du-filet-pour-cadre-au-sol-pliable\/#primaryimage","url":"https:\/\/www.activasport.ch\/wp-content\/uploads\/2019\/11\/S06S00378_Stahlseil-zur-Netzfixierung-am-Bodenrahmen_800x800.jpg","contentUrl":"https:\/\/www.activasport.ch\/wp-content\/uploads\/2019\/11\/S06S00378_Stahlseil-zur-Netzfixierung-am-Bodenrahmen_800x800.jpg","width":800,"height":800,"caption":"Stahlseil zur Netzfixierung am Bodenrahmen an Tor befestigt"},{"@type":"BreadcrumbList","@id":"https:\/\/www.activasport.ch\/fr\/produkt\/cable-dacier-pour-la-fixation-du-filet-pour-cadre-au-sol-pliable\/#breadcrumb","itemListElement":[{"@type":"ListItem","position":1,"name":"Home","item":"https:\/\/www.activasport.ch\/fr\/"},{"@type":"ListItem","position":2,"name":"Shop","item":"https:\/\/www.activasport.ch\/fr\/?page_id=258329"},{"@type":"ListItem","position":3,"name":"C\u00e2ble d&#8217;acier pour la fixation du filet"}]},{"@type":"WebSite","@id":"https:\/\/www.activasport.ch\/fr\/#website","url":"https:\/\/www.activasport.ch\/fr\/","name":"Activa Sport GmbH | M\u00f6ge der Sport mit Dir sein...","description":"","publisher":{"@id":"https:\/\/www.activasport.ch\/fr\/#organization"},"potentialAction":[{"@type":"SearchAction","target":{"@type":"EntryPoint","urlTemplate":"https:\/\/www.activasport.ch\/fr\/?s={search_term_string}"},"query-input":{"@type":"PropertyValueSpecification","valueRequired":true,"valueName":"search_term_string"}}],"inLanguage":"fr-FR"},{"@type":"Organization","@id":"https:\/\/www.activasport.ch\/fr\/#organization","name":"Activa Sport GmbH","url":"https:\/\/www.activasport.ch\/fr\/","logo":{"@type":"ImageObject","inLanguage":"fr-FR","@id":"https:\/\/www.activasport.ch\/fr\/#\/schema\/logo\/image\/","url":"https:\/\/www.activasport.ch\/wp-content\/uploads\/2020\/04\/Activa_AS_Emblem_rot-schwarz_512x512.png","contentUrl":"https:\/\/www.activasport.ch\/wp-content\/uploads\/2020\/04\/Activa_AS_Emblem_rot-schwarz_512x512.png","width":512,"height":512,"caption":"Activa Sport GmbH"},"image":{"@id":"https:\/\/www.activasport.ch\/fr\/#\/schema\/logo\/image\/"},"sameAs":["https:\/\/www.facebook.com\/activasport.ch\/","https:\/\/www.youtube.com\/channel\/UCtqHC7rBGHotohPIGFurwzg"]}]}},"_links":{"self":[{"href":"https:\/\/www.activasport.ch\/fr\/wp-json\/wp\/v2\/product\/283168","targetHints":{"allow":["GET"]}}],"collection":[{"href":"https:\/\/www.activasport.ch\/fr\/wp-json\/wp\/v2\/product"}],"about":[{"href":"https:\/\/www.activasport.ch\/fr\/wp-json\/wp\/v2\/types\/product"}],"wp:featuredmedia":[{"embeddable":true,"href":"https:\/\/www.activasport.ch\/fr\/wp-json\/wp\/v2\/media\/267820"}],"wp:attachment":[{"href":"https:\/\/www.activasport.ch\/fr\/wp-json\/wp\/v2\/media?parent=283168"}],"wp:term":[{"taxonomy":"product_brand","embeddable":true,"href":"https:\/\/www.activasport.ch\/fr\/wp-json\/wp\/v2\/product_brand?post=283168"},{"taxonomy":"product_cat","embeddable":true,"href":"https:\/\/www.activasport.ch\/fr\/wp-json\/wp\/v2\/product_cat?post=283168"},{"taxonomy":"product_tag","embeddable":true,"href":"https:\/\/www.activasport.ch\/fr\/wp-json\/wp\/v2\/product_tag?post=283168"}],"curies":[{"name":"wp","href":"https:\/\/api.w.org\/{rel}","templated":true}]}}