{"id":279399,"date":"2021-06-09T13:35:17","date_gmt":"2021-06-09T12:52:28","guid":{"rendered":"https:\/\/www.activasport.ch\/shop\/non%20class\u00e9\/barrieren-werbebandenhalter-system\/"},"modified":"2022-06-15T11:53:12","modified_gmt":"2022-06-15T09:53:12","slug":"systeme-de-barrieres-et-support-de-fixation-pour-bandes-publicitaires","status":"publish","type":"product","link":"https:\/\/www.activasport.ch\/fr\/produkt\/systeme-de-barrieres-et-support-de-fixation-pour-bandes-publicitaires\/","title":{"rendered":"Syst\u00e8me de barri\u00e8res et support de fixation pour bandes publicitaires"},"content":{"rendered":"<p>Le syst\u00e8me se compose d&rsquo;un rail de 40 mm pour le guidage inf\u00e9rieur et d&rsquo;un rail de 55 mm pour le guidage sup\u00e9rieur. Fixation aux poteaux des barri\u00e8res. La bande publicitaire peut \u00eatre enlev\u00e9e \u00e0\u00a0tout moment sans d\u00e9montage des rails, simplement en la soulevant. Les joints en caoutchouc aux ouvertures des rails permettent un maintien ferme des bandes et emp\u00eachent les salissures des rails.<\/p>\n","protected":false},"excerpt":{"rendered":"<p>Le syst\u00e8me se compose d&rsquo;un rail de 40 mm pour le guidage inf\u00e9rieur et d&rsquo;un rail de 55 mm pour le guidage sup\u00e9rieur. Fixation aux poteaux des barri\u00e8res. La bande publicitaire peut \u00eatre enlev\u00e9e \u00e0\u00a0tout moment sans d\u00e9montage des rails, simplement en la soulevant. Les joints en caoutchouc aux ouvertures des rails permettent un maintien [&hellip;]<\/p>\n","protected":false},"featured_media":267689,"template":"","meta":{"_et_pb_use_builder":"","_et_pb_old_content":"","_et_gb_content_width":""},"product_brand":[],"product_cat":[1033,1036],"product_tag":[],"class_list":{"0":"post-279399","1":"product","2":"type-product","3":"status-publish","4":"has-post-thumbnail","6":"product_cat-equipement-fr","7":"product_cat-equipements-divers-fr","9":"first","10":"onbackorder","11":"purchasable","12":"product-type-simple"},"yoast_head":"<!-- This site is optimized with the Yoast SEO plugin v27.4 - https:\/\/yoast.com\/product\/yoast-seo-wordpress\/ -->\n<title>Syst\u00e8me de barri\u00e8res et support de fixation pour bandes<\/title>\n<meta name=\"description\" content=\"Syst\u00e8me de barri\u00e8res et support de fixation pour bandes publicitaires | en aluminium anodis\u00e9 | Activa Sport Sarl | \u2026que le sport soit avec toi !\" \/>\n<meta name=\"robots\" content=\"index, follow, max-snippet:-1, max-image-preview:large, max-video-preview:-1\" \/>\n<link rel=\"canonical\" href=\"https:\/\/www.activasport.ch\/fr\/produkt\/systeme-de-barrieres-et-support-de-fixation-pour-bandes-publicitaires\/\" \/>\n<meta property=\"og:locale\" content=\"fr_FR\" \/>\n<meta property=\"og:type\" content=\"article\" \/>\n<meta property=\"og:title\" content=\"Syst\u00e8me de barri\u00e8res et support de fixation pour bandes\" \/>\n<meta property=\"og:description\" content=\"Syst\u00e8me de barri\u00e8res et support de fixation pour bandes publicitaires | en aluminium anodis\u00e9 | Activa Sport Sarl | \u2026que le sport soit avec toi !\" \/>\n<meta property=\"og:url\" content=\"https:\/\/www.activasport.ch\/fr\/produkt\/systeme-de-barrieres-et-support-de-fixation-pour-bandes-publicitaires\/\" \/>\n<meta property=\"og:site_name\" content=\"Activa Sport GmbH | M\u00f6ge der Sport mit Dir sein...\" \/>\n<meta property=\"article:publisher\" content=\"https:\/\/www.facebook.com\/activasport.ch\/\" \/>\n<meta property=\"article:modified_time\" content=\"2022-06-15T09:53:12+00:00\" \/>\n<meta property=\"og:image\" content=\"https:\/\/www.activasport.ch\/wp-content\/uploads\/2019\/11\/Detail_Bandenwerbung_800x800.jpg\" \/>\n\t<meta property=\"og:image:width\" content=\"800\" \/>\n\t<meta property=\"og:image:height\" content=\"800\" \/>\n\t<meta property=\"og:image:type\" content=\"image\/jpeg\" \/>\n<meta name=\"twitter:card\" content=\"summary_large_image\" \/>\n<script type=\"application\/ld+json\" class=\"yoast-schema-graph\">{\"@context\":\"https:\\\/\\\/schema.org\",\"@graph\":[{\"@type\":\"WebPage\",\"@id\":\"https:\\\/\\\/www.activasport.ch\\\/fr\\\/produkt\\\/systeme-de-barrieres-et-support-de-fixation-pour-bandes-publicitaires\\\/\",\"url\":\"https:\\\/\\\/www.activasport.ch\\\/fr\\\/produkt\\\/systeme-de-barrieres-et-support-de-fixation-pour-bandes-publicitaires\\\/\",\"name\":\"Syst\u00e8me de barri\u00e8res et support de fixation pour bandes\",\"isPartOf\":{\"@id\":\"https:\\\/\\\/www.activasport.ch\\\/fr\\\/#website\"},\"primaryImageOfPage\":{\"@id\":\"https:\\\/\\\/www.activasport.ch\\\/fr\\\/produkt\\\/systeme-de-barrieres-et-support-de-fixation-pour-bandes-publicitaires\\\/#primaryimage\"},\"image\":{\"@id\":\"https:\\\/\\\/www.activasport.ch\\\/fr\\\/produkt\\\/systeme-de-barrieres-et-support-de-fixation-pour-bandes-publicitaires\\\/#primaryimage\"},\"thumbnailUrl\":\"https:\\\/\\\/www.activasport.ch\\\/wp-content\\\/uploads\\\/2019\\\/11\\\/Detail_Bandenwerbung_800x800.jpg\",\"datePublished\":\"2021-06-09T12:52:28+00:00\",\"dateModified\":\"2022-06-15T09:53:12+00:00\",\"description\":\"Syst\u00e8me de barri\u00e8res et support de fixation pour bandes publicitaires | en aluminium anodis\u00e9 | Activa Sport Sarl | \u2026que le sport soit avec toi !\",\"breadcrumb\":{\"@id\":\"https:\\\/\\\/www.activasport.ch\\\/fr\\\/produkt\\\/systeme-de-barrieres-et-support-de-fixation-pour-bandes-publicitaires\\\/#breadcrumb\"},\"inLanguage\":\"fr-FR\",\"potentialAction\":[{\"@type\":\"ReadAction\",\"target\":[\"https:\\\/\\\/www.activasport.ch\\\/fr\\\/produkt\\\/systeme-de-barrieres-et-support-de-fixation-pour-bandes-publicitaires\\\/\"]}]},{\"@type\":\"ImageObject\",\"inLanguage\":\"fr-FR\",\"@id\":\"https:\\\/\\\/www.activasport.ch\\\/fr\\\/produkt\\\/systeme-de-barrieres-et-support-de-fixation-pour-bandes-publicitaires\\\/#primaryimage\",\"url\":\"https:\\\/\\\/www.activasport.ch\\\/wp-content\\\/uploads\\\/2019\\\/11\\\/Detail_Bandenwerbung_800x800.jpg\",\"contentUrl\":\"https:\\\/\\\/www.activasport.ch\\\/wp-content\\\/uploads\\\/2019\\\/11\\\/Detail_Bandenwerbung_800x800.jpg\",\"width\":800,\"height\":800,\"caption\":\"Barrieren-Werbebandenhalter-System. Schiene oben\"},{\"@type\":\"BreadcrumbList\",\"@id\":\"https:\\\/\\\/www.activasport.ch\\\/fr\\\/produkt\\\/systeme-de-barrieres-et-support-de-fixation-pour-bandes-publicitaires\\\/#breadcrumb\",\"itemListElement\":[{\"@type\":\"ListItem\",\"position\":1,\"name\":\"Home\",\"item\":\"https:\\\/\\\/www.activasport.ch\\\/fr\\\/\"},{\"@type\":\"ListItem\",\"position\":2,\"name\":\"Shop\",\"item\":\"https:\\\/\\\/www.activasport.ch\\\/fr\\\/?page_id=258329\"},{\"@type\":\"ListItem\",\"position\":3,\"name\":\"Syst\u00e8me de barri\u00e8res et support de fixation pour bandes publicitaires\"}]},{\"@type\":\"WebSite\",\"@id\":\"https:\\\/\\\/www.activasport.ch\\\/fr\\\/#website\",\"url\":\"https:\\\/\\\/www.activasport.ch\\\/fr\\\/\",\"name\":\"Activa Sport GmbH | M\u00f6ge der Sport mit Dir sein...\",\"description\":\"\",\"publisher\":{\"@id\":\"https:\\\/\\\/www.activasport.ch\\\/fr\\\/#organization\"},\"potentialAction\":[{\"@type\":\"SearchAction\",\"target\":{\"@type\":\"EntryPoint\",\"urlTemplate\":\"https:\\\/\\\/www.activasport.ch\\\/fr\\\/?s={search_term_string}\"},\"query-input\":{\"@type\":\"PropertyValueSpecification\",\"valueRequired\":true,\"valueName\":\"search_term_string\"}}],\"inLanguage\":\"fr-FR\"},{\"@type\":\"Organization\",\"@id\":\"https:\\\/\\\/www.activasport.ch\\\/fr\\\/#organization\",\"name\":\"Activa Sport GmbH\",\"url\":\"https:\\\/\\\/www.activasport.ch\\\/fr\\\/\",\"logo\":{\"@type\":\"ImageObject\",\"inLanguage\":\"fr-FR\",\"@id\":\"https:\\\/\\\/www.activasport.ch\\\/fr\\\/#\\\/schema\\\/logo\\\/image\\\/\",\"url\":\"https:\\\/\\\/www.activasport.ch\\\/wp-content\\\/uploads\\\/2020\\\/04\\\/Activa_AS_Emblem_rot-schwarz_512x512.png\",\"contentUrl\":\"https:\\\/\\\/www.activasport.ch\\\/wp-content\\\/uploads\\\/2020\\\/04\\\/Activa_AS_Emblem_rot-schwarz_512x512.png\",\"width\":512,\"height\":512,\"caption\":\"Activa Sport GmbH\"},\"image\":{\"@id\":\"https:\\\/\\\/www.activasport.ch\\\/fr\\\/#\\\/schema\\\/logo\\\/image\\\/\"},\"sameAs\":[\"https:\\\/\\\/www.facebook.com\\\/activasport.ch\\\/\",\"https:\\\/\\\/www.youtube.com\\\/channel\\\/UCtqHC7rBGHotohPIGFurwzg\"]}]}<\/script>\n<!-- \/ Yoast SEO plugin. -->","yoast_head_json":{"title":"Syst\u00e8me de barri\u00e8res et support de fixation pour bandes","description":"Syst\u00e8me de barri\u00e8res et support de fixation pour bandes publicitaires | en aluminium anodis\u00e9 | Activa Sport Sarl | \u2026que le sport soit avec toi !","robots":{"index":"index","follow":"follow","max-snippet":"max-snippet:-1","max-image-preview":"max-image-preview:large","max-video-preview":"max-video-preview:-1"},"canonical":"https:\/\/www.activasport.ch\/fr\/produkt\/systeme-de-barrieres-et-support-de-fixation-pour-bandes-publicitaires\/","og_locale":"fr_FR","og_type":"article","og_title":"Syst\u00e8me de barri\u00e8res et support de fixation pour bandes","og_description":"Syst\u00e8me de barri\u00e8res et support de fixation pour bandes publicitaires | en aluminium anodis\u00e9 | Activa Sport Sarl | \u2026que le sport soit avec toi !","og_url":"https:\/\/www.activasport.ch\/fr\/produkt\/systeme-de-barrieres-et-support-de-fixation-pour-bandes-publicitaires\/","og_site_name":"Activa Sport GmbH | M\u00f6ge der Sport mit Dir sein...","article_publisher":"https:\/\/www.facebook.com\/activasport.ch\/","article_modified_time":"2022-06-15T09:53:12+00:00","og_image":[{"width":800,"height":800,"url":"https:\/\/www.activasport.ch\/wp-content\/uploads\/2019\/11\/Detail_Bandenwerbung_800x800.jpg","type":"image\/jpeg"}],"twitter_card":"summary_large_image","schema":{"@context":"https:\/\/schema.org","@graph":[{"@type":"WebPage","@id":"https:\/\/www.activasport.ch\/fr\/produkt\/systeme-de-barrieres-et-support-de-fixation-pour-bandes-publicitaires\/","url":"https:\/\/www.activasport.ch\/fr\/produkt\/systeme-de-barrieres-et-support-de-fixation-pour-bandes-publicitaires\/","name":"Syst\u00e8me de barri\u00e8res et support de fixation pour bandes","isPartOf":{"@id":"https:\/\/www.activasport.ch\/fr\/#website"},"primaryImageOfPage":{"@id":"https:\/\/www.activasport.ch\/fr\/produkt\/systeme-de-barrieres-et-support-de-fixation-pour-bandes-publicitaires\/#primaryimage"},"image":{"@id":"https:\/\/www.activasport.ch\/fr\/produkt\/systeme-de-barrieres-et-support-de-fixation-pour-bandes-publicitaires\/#primaryimage"},"thumbnailUrl":"https:\/\/www.activasport.ch\/wp-content\/uploads\/2019\/11\/Detail_Bandenwerbung_800x800.jpg","datePublished":"2021-06-09T12:52:28+00:00","dateModified":"2022-06-15T09:53:12+00:00","description":"Syst\u00e8me de barri\u00e8res et support de fixation pour bandes publicitaires | en aluminium anodis\u00e9 | Activa Sport Sarl | \u2026que le sport soit avec toi !","breadcrumb":{"@id":"https:\/\/www.activasport.ch\/fr\/produkt\/systeme-de-barrieres-et-support-de-fixation-pour-bandes-publicitaires\/#breadcrumb"},"inLanguage":"fr-FR","potentialAction":[{"@type":"ReadAction","target":["https:\/\/www.activasport.ch\/fr\/produkt\/systeme-de-barrieres-et-support-de-fixation-pour-bandes-publicitaires\/"]}]},{"@type":"ImageObject","inLanguage":"fr-FR","@id":"https:\/\/www.activasport.ch\/fr\/produkt\/systeme-de-barrieres-et-support-de-fixation-pour-bandes-publicitaires\/#primaryimage","url":"https:\/\/www.activasport.ch\/wp-content\/uploads\/2019\/11\/Detail_Bandenwerbung_800x800.jpg","contentUrl":"https:\/\/www.activasport.ch\/wp-content\/uploads\/2019\/11\/Detail_Bandenwerbung_800x800.jpg","width":800,"height":800,"caption":"Barrieren-Werbebandenhalter-System. Schiene oben"},{"@type":"BreadcrumbList","@id":"https:\/\/www.activasport.ch\/fr\/produkt\/systeme-de-barrieres-et-support-de-fixation-pour-bandes-publicitaires\/#breadcrumb","itemListElement":[{"@type":"ListItem","position":1,"name":"Home","item":"https:\/\/www.activasport.ch\/fr\/"},{"@type":"ListItem","position":2,"name":"Shop","item":"https:\/\/www.activasport.ch\/fr\/?page_id=258329"},{"@type":"ListItem","position":3,"name":"Syst\u00e8me de barri\u00e8res et support de fixation pour bandes publicitaires"}]},{"@type":"WebSite","@id":"https:\/\/www.activasport.ch\/fr\/#website","url":"https:\/\/www.activasport.ch\/fr\/","name":"Activa Sport GmbH | M\u00f6ge der Sport mit Dir sein...","description":"","publisher":{"@id":"https:\/\/www.activasport.ch\/fr\/#organization"},"potentialAction":[{"@type":"SearchAction","target":{"@type":"EntryPoint","urlTemplate":"https:\/\/www.activasport.ch\/fr\/?s={search_term_string}"},"query-input":{"@type":"PropertyValueSpecification","valueRequired":true,"valueName":"search_term_string"}}],"inLanguage":"fr-FR"},{"@type":"Organization","@id":"https:\/\/www.activasport.ch\/fr\/#organization","name":"Activa Sport GmbH","url":"https:\/\/www.activasport.ch\/fr\/","logo":{"@type":"ImageObject","inLanguage":"fr-FR","@id":"https:\/\/www.activasport.ch\/fr\/#\/schema\/logo\/image\/","url":"https:\/\/www.activasport.ch\/wp-content\/uploads\/2020\/04\/Activa_AS_Emblem_rot-schwarz_512x512.png","contentUrl":"https:\/\/www.activasport.ch\/wp-content\/uploads\/2020\/04\/Activa_AS_Emblem_rot-schwarz_512x512.png","width":512,"height":512,"caption":"Activa Sport GmbH"},"image":{"@id":"https:\/\/www.activasport.ch\/fr\/#\/schema\/logo\/image\/"},"sameAs":["https:\/\/www.facebook.com\/activasport.ch\/","https:\/\/www.youtube.com\/channel\/UCtqHC7rBGHotohPIGFurwzg"]}]}},"_links":{"self":[{"href":"https:\/\/www.activasport.ch\/fr\/wp-json\/wp\/v2\/product\/279399","targetHints":{"allow":["GET"]}}],"collection":[{"href":"https:\/\/www.activasport.ch\/fr\/wp-json\/wp\/v2\/product"}],"about":[{"href":"https:\/\/www.activasport.ch\/fr\/wp-json\/wp\/v2\/types\/product"}],"wp:featuredmedia":[{"embeddable":true,"href":"https:\/\/www.activasport.ch\/fr\/wp-json\/wp\/v2\/media\/267689"}],"wp:attachment":[{"href":"https:\/\/www.activasport.ch\/fr\/wp-json\/wp\/v2\/media?parent=279399"}],"wp:term":[{"taxonomy":"product_brand","embeddable":true,"href":"https:\/\/www.activasport.ch\/fr\/wp-json\/wp\/v2\/product_brand?post=279399"},{"taxonomy":"product_cat","embeddable":true,"href":"https:\/\/www.activasport.ch\/fr\/wp-json\/wp\/v2\/product_cat?post=279399"},{"taxonomy":"product_tag","embeddable":true,"href":"https:\/\/www.activasport.ch\/fr\/wp-json\/wp\/v2\/product_tag?post=279399"}],"curies":[{"name":"wp","href":"https:\/\/api.w.org\/{rel}","templated":true}]}}